{"id":419,"date":"2015-11-18T11:10:14","date_gmt":"2015-11-18T11:10:14","guid":{"rendered":"http:\/\/esg.pt\/seismic-v\/?page_id=419"},"modified":"2015-11-19T14:19:38","modified_gmt":"2015-11-19T14:19:38","slug":"indicators","status":"publish","type":"page","link":"https:\/\/esg.pt\/seismic-v\/indicators\/","title":{"rendered":"Indicators"},"content":{"rendered":"<h3>Publications<\/h3>\n<h4>Books<\/h4>\n<p>Correia, M., &amp; Carlos, G. (Eds.) (2015). <em>Cultura s\u00edsmica local em Portugal\/ Local seismic culture in Portugal<\/em>. Lisboa: Editora Argumentum<\/p>\n<p>Correia, M., Louren\u00e7o, P. B. &amp; Varum, H. (Eds.) (2015). <em>Seismic Retrofitting: Learning from Vernacular Architecture.<\/em> London (UK): CRC Press \/ Balkema \/ Taylor &amp; Francis Group.<\/p>\n<h4>Book Chapters <span class=\"h_footnote\"><a href=\"#fn:1\" id=\"fnref:1\" title=\"see footnote\" class=\"footnote\">[1]<\/a><\/span><\/h4>\n<p>Ferrigni, F. (2015). Vernacular architecture: A paradigm of the local seismic culture. In <em>Seismic Retrofitting: Learning from Vernacular Architecture.<\/em> London (UK): CRC Press \/ Balkema \/ Taylor &amp; Francis Group<\/p>\n<p>Carlos, G. D., Correia, M. R., Rocha, S. &amp; Frey, P. (2015). Vernacular architecture? In <em>Seismic Retrofitting: Learning from Vernacular Architecture.<\/em> London (UK): CRC Press \/ Balkema \/ Taylor &amp; Francis Group<\/p>\n<p>Ortega, J., Vasconcelos, G. &amp; Correia, M. R. (2015). Seismic-resistant building practices resulting from Local Seismic Culture. In <em>Seismic Retrofitting: Learning from Vernacular Architecture.<\/em> London (UK): CRC Press \/ Balkema \/ Taylor &amp; Francis Group<\/p>\n<p>Correia, M. R. (2015). Criteria and methodology for intervention in vernacular architecture and earthen heritage. In <em>Seismic Retrofitting: Learning from Vernacular Architecture.<\/em> London (UK): CRC Press \/ Balkema \/ Taylor &amp; Francis Group<\/p>\n<p>Louren\u00e7o, P.B., Varum, H., Vasconcelos, G. &amp; Rodrigues, H. (2015). Structural conservation and vernacular construction. In <em>Seismic Retrofitting: Learning from Vernacular Architecture.<\/em> London (UK): CRC Press \/ Balkema \/ Taylor &amp; Francis Group<\/p>\n<p>Ferrigni, F. (2015). The central and eastern Asian local seismic culture: Three approaches. In <em>Seismic Retrofitting: Learning from Vernacular Architecture.<\/em> London (UK): CRC Press \/ Balkema \/ Taylor &amp; Francis Group<\/p>\n<p>Gomes, F., Correia, M. R. &amp; Nu\u00f1ez, R. D. (2015). Case study: Seismic resistant constructive systems in El Salvador. In <em>Seismic Retrofitting: Learning from Vernacular Architecture.<\/em> London (UK): CRC Press \/ Balkema \/ Taylor &amp; Francis Group<\/p>\n<p>Correia, M. R. &amp; Carlos, G. D. (2015). Recognising local seismic culture in Portugal, the SEISMIC-V research. In <em>Seismic Retrofitting: Learning from Vernacular Architecture.<\/em> London (UK): CRC Press \/ Balkema \/ Taylor &amp; Francis Group<\/p>\n<p>Correia, M. R., Worth, M. &amp; Vilanova, S. (2015). A brief paleoseismology literature review: Contribution for the local seismic culture study in Portugal. In <em>Seismic Retrofitting: Learning from Vernacular Architecture.<\/em> London (UK): CRC Press \/ Balkema \/ Taylor &amp; Francis Group<\/p>\n<p>Sousa, G. (2015). Portuguese historical seismicity. In <em>Seismic Retrofitting: Learning from Vernacular Architecture.<\/em> London (UK): CRC Press \/ Balkema \/ Taylor &amp; Francis Group<\/p>\n<p>Varum, H., Rodrigues, H., Louren\u00e7o, P. B. &amp; Vasconcelos, G. (2015). Seismic behaviour of vernacular architecture. In <em>Seismic Retrofitting: Learning from Vernacular Architecture.<\/em> London (UK): CRC Press \/ Balkema \/ Taylor &amp; Francis Group<\/p>\n<p>Poletti, E., Vasconcelos, G. &amp; Louren\u00e7o, P. B. (2015). Timber frames as an earthquake resisting system in Portugal.<br \/>\nCarlos, G. D., Correia, M. R., Sousa, G., Lima, A., Gomes, F. &amp; Santos V. L. (2015). Lisbon: Downtown\u2019s reconstruction after the 1755 earthquake In <em>Seismic Retrofitting: Learning from Vernacular Architecture.<\/em> London (UK): CRC Press \/ Balkema \/ Taylor &amp; Francis Group<\/p>\n<p>Gomes, F., Lima, A., Carlos, G. D. &amp; Correia, M. R. (2015). The 1909 earthquake impact in the Tagus Lez\u00edria region. In <em>Seismic Retrofitting: Learning from Vernacular Architecture.<\/em> London (UK): CRC Press \/ Balkema \/ Taylor &amp; Francis Group<\/p>\n<p>Gomes, F., Lima, A., Carlos, G. D. &amp; Correia, M. R. (2015). Costal Alentejo region: Identification of local seismic culture. In <em>Seismic Retrofitting: Learning from Vernacular Architecture.<\/em> London (UK): CRC Press \/ Balkema \/ Taylor &amp; Francis Group<\/p>\n<p>Carlos, G. D., Correia, M. R., Sousa, G., Lima, A. &amp; Gomes, F. (2015). Seismic-resistant elements in the Historical Centre of \u00c9vora. In <em>Seismic Retrofitting: Learning from Vernacular Architecture.<\/em> London (UK): CRC Press \/ Balkema \/ Taylor &amp; Francis Group<\/p>\n<p>Lima, A. Gomes, F., Carlos, G. D., Viana, D. &amp; Correia, M. R. (2015). Seismic-resistant features in Lower Alentejo\u2019s vernacular architecture. In <em>Seismic Retrofitting: Learning from Vernacular Architecture.<\/em> London (UK): CRC Press \/ Balkema \/ Taylor &amp; Francis Group<\/p>\n<p>Carlos, G. D., Correia, M. R., Sousa, G., Lima, A., Gomes, F., F\u00e9lix, L. &amp; A. Feio (2015). Seismic vulnerability of the Algarve coastal region. In <em>Seismic Retrofitting: Learning from Vernacular Architecture.<\/em> London (UK): CRC Press \/ Balkema \/ Taylor &amp; Francis Group<\/p>\n<p>Gomes, F., Correia, M. R., Carlos, G. D. &amp; Lima, A. (2015).The high and intense seismic activity in the Azores. In <em>Seismic Retrofitting: Learning from Vernacular Architecture.<\/em> London (UK): CRC Press \/ Balkema \/ Taylor &amp; Francis Group<\/p>\n<p>Barros, R. S., Costa, A., Varum, H., Rodrigues, H., Louren\u00e7o, P. B. &amp; Vasconcelos, G. (2015). Seismic behaviour analysis and retrofitting of a row building. In <em>Seismic Retrofitting: Learning from Vernacular Architecture.<\/em> London (UK): CRC Press \/ Balkema \/ Taylor &amp; Francis Group<\/p>\n<p>Ortega, J., Vasconcelos, G., Louren\u00e7o, P. B., Rodrigues, H. &amp; Varum, H. (2015). Seismic vulnerability of vernacular buildings in urban centres\u2014the case of Vila Real de Santo Ant\u00f3nio In <em>Seismic Retrofitting: Learning from Vernacular Architecture.<\/em> London (UK): CRC Press \/ Balkema \/ Taylor &amp; Francis Group<\/p>\n<p>Lima, A., Correia, M. R., Gomes, F., Carlos, G. D., Viana, D., Louren\u00e7o, P. B. &amp; Varum, H. (2015). Systematisation of seismic retrofitting in vernacular architecture In <em>Seismic Retrofitting: Learning from Vernacular Architecture.<\/em> London (UK): CRC Press \/ Balkema \/ Taylor &amp; Francis Group<\/p>\n<p>Correia, M. R., Varum, H. &amp; Louren\u00e7o, P. B. (2015). Common damages and recommendations for the seismic retrofitting of vernacular dwellings. In <em>Seismic Retrofitting: Learning from Vernacular Architecture.<\/em> London (UK): CRC Press \/ Balkema \/ Taylor &amp; Francis Group<\/p>\n<h4>Papers in International journals<\/h4>\n<p>Ortega, J., Vasconcelos, G., Rodrigues, H. &amp; Correia, M. (2015). Traditional Seismic Strengthening Techniques for Vernacular Architecture and Local Seismic Cultures: A Literature Review, <em>Bulletin of Earthquake Engineering<\/em> (Submitted).<\/p>\n<p>Martins L., Vasconcelos, G., Louren\u00e7o, P.B. &amp; Palha C (2015). Influence of the freeze and thaw cycles in the physical and mechanical properties of granites, <em>Journal of Materials in Civil Engineering<\/em>, September 2015. (In Press).<\/p>\n<p>Correia, M., Gomes, F. &amp; Carlos, G. D. (2014). Projecto de Investiga\u00e7\u00e3o Seismic-V: Reconhecimento da cultura s\u00edsmica local em Portugal. In M. Correia, C. Neves, &amp; R. D. N\u00fa\u00f1ez (Eds). <em>Arquitectura de Tierra: Patrimonio y sustentabilidad en regiones s\u00edsmicas<\/em>. 14\u00ba Semin\u00e1rio Iberoamericano de Arquitectura y Construcci\u00f3n con Tierra (SIACOT). San Salvador, El Salvador: FUNDASAL\/PROTERRA. p.230&#8211;238<\/p>\n<p>Correia, M., Carlos, G. D., Viana, D., &amp; Gomes, F. (2014). Vernacular seismic culture in Portugal: On-going research. In C. Mileto, F. Vegas, L. Garc\u00eda Soriano, &amp; V. Cristini (Eds). Vernacular Architecture: Towards a Sustainable Future. VerSus 2014 | 2\u00ba MEDITERRA | 2\u00ba ResTAPIA. London, UK: CRC Press \/ Balkema \/ Taylor &amp; Francis Group. p.217&#8211;224<\/p>\n<p>Carlos, G. D., Correia, M., Viana, D., &amp; Gomes, F. (2014). Vernacular morphology as a preventive solution of local seismic culture. In C. Mileto, F. Vegas, L. Garc\u00eda Soriano, &amp; V. Cristini (Eds). Vernacular Architecture: Towards a Sustainable Future. VerSus 2014 | 2\u00ba MEDITERRA | 2\u00ba ResTAPIA. London, UK: CRC Press \/ Balkema \/ Taylor &amp; Francis Group. p.267&#8211;272<\/p>\n<p>Gomes, F., Correia, M., Carlos, G. D., &amp; Viana, D.(2014). Local Seismic Culture in Portugal: Melides dwellings, a reactive approach case study. In C. Mileto, F. Vegas, L. Garc\u00eda Soriano, &amp; V. Cristini (Eds). Vernacular Architecture: Towards a Sustainable Future. VerSus 2014 | 2\u00ba MEDITERRA | 2\u00ba ResTAPIA. London, UK: CRC Press \/ Balkema \/ Taylor &amp; Francis Group. p.339&#8211;342<\/p>\n<p>Correia, M., Carlos, G., Rocha, S., Louren\u00e7o, P.B., Vascon\u00e7elos, G. &amp; Varum, H. (2013). Seismic-V: Vernacular Seismic Culture in Portugal. In Correia, Carlos &amp; Rocha (Eds) 2013, Vernacular Heritage and Earthen Architecture. Contributions for Sustainable Development. London: CRC\/ Balkema\/ Taylor &amp; Francis Group, p.663&#8211;668<\/p>\n<h4>Papers in national journals<\/h4>\n<p>Correia, M., Carlos, G., Gomes, F. &amp; Lima, A. (2015). Seismic-V: Cultura Sismo-Resistente em Portugal. In Mateus, R.; Fernandes, J.; Bragan\u00e7a, L.; Almeida, M.; Monteiro Silva, S.; Mendon\u00e7a, P. &amp; Gerv\u00e1sio, H. (Eds.), Livro de Atas do Semina\u0301rio reVer: Contributos da arquitetura verna\u0301cula portuguesa para a sustentabilidade do ambiente construi\u0301do. Porto: Universidade do Minho. p.99&#8211;108. DOI: 10.13140\/RG.2.1.1112.4648<\/p>\n<h3>Communications<\/h3>\n<h4>Communications in International meetings<\/h4>\n<p>Ortega, J., Vasconcelos, G., Rodrigues, H. &amp; Correia, M. (will take place in 2015, December). Local seismic cultures: the use of timber frame structures in the south of Portugal. H.Ea.R.T. 2015 2nd International Conference on Historic Earthquake-Resistant Timber Frames in the Mediterranean Area. LNEC, Lisbon, Portugal (Accepted)<\/p>\n<p>Barros, R., Varum, H., Rodrigues, H., Correia, M., Vasconcelos, G. &amp; P.B. Louren\u00e7o (2015, July) Seismic behaviour of portuguese rammed earth buildings. M2D2016 \u2013 6th International conference on Mechanics and Meterials in Design. Ponta Delgada, Portugal.<\/p>\n<p>Ortega J., Vasconcelos, G., Correia M., Rodrigues H., Louren\u00e7o P.B. &amp; Varum, H. (2015, May). Evaluation of seismic vulnerability assessment parameters for portuguese vernacular constructions with nonlinear numerical analysis. COMPDYN 2015 &#8211; 5th ECCOMAS Thematic Conference on Computational Methods in Structural Dynamics and Earthquake Engineering. M. Papadrakakis, V. Papadopoulos, V. Plevris (eds.) Crete Island, Greece.<\/p>\n<p>Guillaud, H. &amp; Correia, M. (2015, April) Les architectures de terre, un patrimoine universel. ARCHITERRE2015, 4\u00e8me \u00c9dition du Festival Culturel International de Promotion des Architectures de Terre. Minist\u00e8re de La Culture de l&#8217;Alg\u00e9rie &amp; \u00c9cole Polytechnique D\u2019architecture &amp; D\u2019urbanisme D\u2019Alger. Alger, Algeria.<\/p>\n<p>Correia, M., Gomes, F. &amp; Carlos, G. D. (2014, November). Projecto de Investiga\u00e7\u00e3o Seismic-V: Reconhecimento da cultura s\u00edsmica local em Portugal. <em>Arquitectura de Tierra: Patrimonio y sustentabilidad en regiones s\u00edsmicas<\/em>. 14\u00ba Semin\u00e1rio Iberoamericano de Arquitectura y Construcci\u00f3n con Tierra (SIACOT). FUNDASAL\/PROTERRA. San Salvador, El Salvador.<\/p>\n<p>Ortega J., Vasconcelos, G. &amp; Correia, M. (2014, July). An overview of seismic strengthening techniques traditionally applied in vernacular architecture. University of Minho, Guimar\u00e3es, Portugal (In CdRom).<\/p>\n<p>Antunes, P., Rodrigues, H., Varum, H. &amp; Andr\u00e9, P. (2014, April). Monitoriza\u00e7\u00e3o Din\u00e2mica de Estruturas com Sensores de Fibra \u00d3ptica. <em>REHABEND 2014: Patolog\u00eda de la Construcci\u00f3n, Tecnolog\u00eda de la Rehabilitaci\u00f3n y Gesti\u00f3n del Patrim\u00f3nio.<\/em> Grupo de Tecnolog\u00eda de la Edificaci\u00f3n de la Universidad de Cantabria (GTED-UC), Instituto Tecnol\u00f3gico de la Construcci\u00f3n de la Comunidad Valenciana (AIDICO) &amp; Corporaci\u00f3n Tecnol\u00f3gica del Pa\u00eds Vasco (TECNALIA Research &amp; Innovation). Santander, Spain.<\/p>\n<p>Furtado, A., Rodrigues, H., Varum, H., Costa, A. (2014, April). Estudo da Efici\u00eancia de Diferentes T\u00e9cnicas de Refor\u00e7o em Edif\u00edcios de Bet\u00e3o Armado com R\/C Vazado. <em>REHABEND 2014: Patolog\u00eda de la Construcci\u00f3n, Tecnolog\u00eda de la Rehabilitaci\u00f3n y Gesti\u00f3n del Patrim\u00f3nio.<\/em> Grupo de Tecnolog\u00eda de la Edificaci\u00f3n de la Universidad de Cantabria (GTED-UC), Instituto Tecnol\u00f3gico de la Construcci\u00f3n de la Comunidad Valenciana (AIDICO) &amp; Corporaci\u00f3n Tecnol\u00f3gica del Pa\u00eds Vasco (TECNALIA Research &amp; Innovation). Santander, Spain.<\/p>\n<p>Correia, M., Carlos, G., Rocha, S., Louren\u00e7o, P.B., Vascon\u00e7elos, G. &amp; Varum, H. (2013, October). Seismic-V: Vernacular Seismic Culture in Portugal. <em>CIAV2013- 7th ATP- Versus2013. International conference on vernacular heritage &amp; earthen architecture<\/em>. ESG\/Escola Superior Gallaecia &amp; ICOMOS-CIAV\/International Scientific Committee for Vernacular Architecture. Vila Nova De Cerveira, Portugal.<\/p>\n<h4>Communications in national meetings<\/h4>\n<p>Correia, M. &amp; Carlos, G. (2014, September). SEISMIC-V project: Vernacular Seismic Culture in Portugal. <em>Project INsPIREd: 2nd Seminar<\/em>. Involving people in risk reduction. Centro Europeu de riscos urbanos de Lisboa, Centre Euro-M\u00e9diterran\u00e9en pour l\u2019\u00e9valuation et la pr\u00e9vention du risque sismique de Rabat, Centro Universitario Europeo per I Beni Culturali de Ravello e C\u00e2mara Municipal de Lagos. Lagos, Portugal.<\/p>\n<p>Correia, M., Carlos, G., Gomes, F. &amp; Lima, A. (2015, March). Seismic-V: Cultura Sismo-Resistente em Portugal. <em>Semin\u00e1rio reVer: Contributos da arquitectura vern\u00e1cula portuguesa para a sustentabilidade do ambiente constru\u00eddo<\/em>. Departamento de Engenharia Civil da Universidade do Minho, Escola de Arquitetura da Universidade do Minho &amp; Departamento de Engenharia Civil da Universidade de Coimbra. Porto, Portugal.<\/p>\n<h3>Reports<\/h3>\n<p><em>Seismic-V Mission Report. Relat\u00f3rio das miss\u00f5es de reconhecimento e caracteriza\u00e7\u00e3o das \u00e1reas suscept\u00edveis de integrar vest\u00edgios de cultura s\u00edsmica local em Portugal<\/em> (Caracteriza\u00e7\u00e3o de 6 Regi\u00f5es). Conte\u00fado sintetizado em http:\/\/esg.pt\/seismic-v\/pt\/<\/p>\n<p><em>Technical report of Task1:<\/em> Characterization of the risk areas and its main housing typologies.<\/p>\n<p><em>Technical report of Task2:<\/em> Experimental characterization (in situ).<\/p>\n<p><em>Technical report of Task3:<\/em> Numerical modeling and parametric study.<\/p>\n<h3>Organization of seminars and conferences<\/h3>\n<p><em>SEISMIC-V Arquitectura sismo-resistente vern\u00e1cula em Portugal<\/em>. Semin\u00e1rios de divulga\u00e7\u00e3o de resultados. Sess\u00e3o I. Universidade do Minho, Guimar\u00e3es. Setembro, 2015.<\/p>\n<p><em>SEISMIC-V Arquitectura sismo-resistente vern\u00e1cula em Portugal.<\/em> Semin\u00e1rios de divulga\u00e7\u00e3o de resultados. Sess\u00e3o II. Universidade de Aveiro &amp; Delega\u00e7\u00e3o Distrital da Ordem dos Engenheiros de Aveiro, Aveiro. Setembro, 2015.<\/p>\n<p><em>SEISMIC-V Arquitectura sismo-resistente vern\u00e1cula em Portugal.<\/em> Semin\u00e1rios de divulga\u00e7\u00e3o de resultados. Sess\u00e3o III. ESG\/Escola Superior Gallaecia, Vila Nova de Cerveira. Setembro, 2015.<\/p>\n<p>14\u00ba Semin\u00e1rio Iberoamericano de Arquitectura y Construcci\u00f3n con Tierra (SIACOT). <em>Arquitectura de Tierra: Patrimonio y sustentabilidad en regiones s\u00edsmicas<\/em>. FUNDASAL\/PROTERRA. San Salvador, El Salvador. Novembro, 2014.<\/p>\n<p><em>VerSus 2014 | 2\u00ba MEDITERRA | 2\u00ba ResTAPIA. Internacional conference on vernacular heritage, sustainability and earthen architecture.<\/em> ESG\/Escola Superior Gallaecia, UPV\/ Universitat Polit\u00e8cnica de Val\u00e8ncia &amp; IRP\/Instituto de Restauraci\u00f3n del Patrimonio. Valencia, Espanha. Setembro, 2014.<\/p>\n<p><em>CIAV2013- 7th ATP- Versus2013. International conference on vernacular heritage &amp; earthen architecture<\/em>. ESG\/Escola Superior Gallaecia &amp; ICOMOS-CIAV\/International Scientific Committee for Vernacular Architecture. Vila Nova De Cerveira, Portugal. Outubro, 2013.<\/p>\n<h3>Advanced training<\/h3>\n<h4>PhD theses<\/h4>\n<p>Ortega J., Reduction of the seismic vulnerability of vernacular architecture with traditional strengthening solutions. University of Minho, Guimar\u00e3es, Portugal (in progress)<\/p>\n<div class=\"footnotes\">\n<hr \/>\n<ol>\n<li id=\"fn:1\">\n<p>Book chapters, by the Project\u2019s research team and consultants, written in the SEISMIC-V ambit: <a href=\"#fnref:1\" title=\"return to article\" class=\"reversefootnote\">&#160;&#8617;<\/a><\/p>\n<\/li>\n<\/ol>\n<\/div>\n","protected":false},"excerpt":{"rendered":"<p>Publications Books Correia, M., &amp; Carlos, G. (Eds.) (2015). Cultura s\u00edsmica local em Portugal\/ Local seismic culture in Portugal. Lisboa: Editora Argumentum Correia, M., Louren\u00e7o, P. B. &amp; Varum, H. (Eds.) (2015). Seismic Retrofitting: Learning from Vernacular Architecture. London (UK): CRC Press \/ Balkema \/ Taylor &amp; Francis Group. Book Chapters [1] Ferrigni, F. (2015)&#8230;.  <a href=\"https:\/\/esg.pt\/seismic-v\/indicators\/\" title=\"ReadIndicators\">Read more &raquo;<\/a><\/p>\n","protected":false},"author":2,"featured_media":0,"parent":0,"menu_order":0,"comment_status":"closed","ping_status":"closed","template":"","meta":[],"yoast_head":"<!-- This site is optimized with the Yoast SEO plugin v16.8 - https:\/\/yoast.com\/wordpress\/plugins\/seo\/ -->\n<meta name=\"robots\" content=\"index, follow, max-snippet:-1, max-image-preview:large, max-video-preview:-1\" \/>\n<link rel=\"canonical\" href=\"https:\/\/esg.pt\/seismic-v\/indicators\/\" \/>\n<meta property=\"og:locale\" content=\"pt_PT\" \/>\n<meta property=\"og:type\" content=\"article\" \/>\n<meta property=\"og:title\" content=\"Indicators - Seismic V\" \/>\n<meta property=\"og:description\" content=\"Publications Books Correia, M., &amp; Carlos, G. (Eds.) (2015). Cultura s\u00edsmica local em Portugal\/ Local seismic culture in Portugal. Lisboa: Editora Argumentum Correia, M., Louren\u00e7o, P. B. &amp; Varum, H. (Eds.) (2015). Seismic Retrofitting: Learning from Vernacular Architecture. London (UK): CRC Press \/ Balkema \/ Taylor &amp; Francis Group. Book Chapters [1] Ferrigni, F. (2015).... Read more &raquo;\" \/>\n<meta property=\"og:url\" content=\"https:\/\/esg.pt\/seismic-v\/indicators\/\" \/>\n<meta property=\"og:site_name\" content=\"Seismic V\" \/>\n<meta property=\"article:modified_time\" content=\"2015-11-19T14:19:38+00:00\" \/>\n<meta name=\"twitter:card\" content=\"summary\" \/>\n<meta name=\"twitter:label1\" content=\"Tempo estimado de leitura\" \/>\n\t<meta name=\"twitter:data1\" content=\"11 minutos\" \/>\n<script type=\"application\/ld+json\" class=\"yoast-schema-graph\">{\"@context\":\"https:\/\/schema.org\",\"@graph\":[{\"@type\":\"WebSite\",\"@id\":\"https:\/\/esg.pt\/seismic-v\/en\/#website\",\"url\":\"https:\/\/esg.pt\/seismic-v\/en\/\",\"name\":\"Seismic V\",\"description\":\"Cultura Sismo-Resistente Vern\\u00e1cula em Portugal\",\"potentialAction\":[{\"@type\":\"SearchAction\",\"target\":{\"@type\":\"EntryPoint\",\"urlTemplate\":\"https:\/\/esg.pt\/seismic-v\/en\/?s={search_term_string}\"},\"query-input\":\"required name=search_term_string\"}],\"inLanguage\":\"pt-PT\"},{\"@type\":\"WebPage\",\"@id\":\"https:\/\/esg.pt\/seismic-v\/indicators\/#webpage\",\"url\":\"https:\/\/esg.pt\/seismic-v\/indicators\/\",\"name\":\"Indicators - Seismic V\",\"isPartOf\":{\"@id\":\"https:\/\/esg.pt\/seismic-v\/en\/#website\"},\"datePublished\":\"2015-11-18T11:10:14+00:00\",\"dateModified\":\"2015-11-19T14:19:38+00:00\",\"breadcrumb\":{\"@id\":\"https:\/\/esg.pt\/seismic-v\/indicators\/#breadcrumb\"},\"inLanguage\":\"pt-PT\",\"potentialAction\":[{\"@type\":\"ReadAction\",\"target\":[\"https:\/\/esg.pt\/seismic-v\/indicators\/\"]}]},{\"@type\":\"BreadcrumbList\",\"@id\":\"https:\/\/esg.pt\/seismic-v\/indicators\/#breadcrumb\",\"itemListElement\":[{\"@type\":\"ListItem\",\"position\":1,\"name\":\"Home\",\"item\":\"https:\/\/esg.pt\/seismic-v\/en\/\"},{\"@type\":\"ListItem\",\"position\":2,\"name\":\"Indicators\"}]}]}<\/script>\n<!-- \/ Yoast SEO plugin. -->","yoast_head_json":{"robots":{"index":"index","follow":"follow","max-snippet":"max-snippet:-1","max-image-preview":"max-image-preview:large","max-video-preview":"max-video-preview:-1"},"canonical":"https:\/\/esg.pt\/seismic-v\/indicators\/","og_locale":"pt_PT","og_type":"article","og_title":"Indicators - Seismic V","og_description":"Publications Books Correia, M., &amp; Carlos, G. (Eds.) (2015). Cultura s\u00edsmica local em Portugal\/ Local seismic culture in Portugal. Lisboa: Editora Argumentum Correia, M., Louren\u00e7o, P. B. &amp; Varum, H. (Eds.) (2015). Seismic Retrofitting: Learning from Vernacular Architecture. London (UK): CRC Press \/ Balkema \/ Taylor &amp; Francis Group. Book Chapters [1] Ferrigni, F. (2015).... Read more &raquo;","og_url":"https:\/\/esg.pt\/seismic-v\/indicators\/","og_site_name":"Seismic V","article_modified_time":"2015-11-19T14:19:38+00:00","twitter_card":"summary","twitter_misc":{"Tempo estimado de leitura":"11 minutos"},"schema":{"@context":"https:\/\/schema.org","@graph":[{"@type":"WebSite","@id":"https:\/\/esg.pt\/seismic-v\/en\/#website","url":"https:\/\/esg.pt\/seismic-v\/en\/","name":"Seismic V","description":"Cultura Sismo-Resistente Vern\u00e1cula em Portugal","potentialAction":[{"@type":"SearchAction","target":{"@type":"EntryPoint","urlTemplate":"https:\/\/esg.pt\/seismic-v\/en\/?s={search_term_string}"},"query-input":"required name=search_term_string"}],"inLanguage":"pt-PT"},{"@type":"WebPage","@id":"https:\/\/esg.pt\/seismic-v\/indicators\/#webpage","url":"https:\/\/esg.pt\/seismic-v\/indicators\/","name":"Indicators - Seismic V","isPartOf":{"@id":"https:\/\/esg.pt\/seismic-v\/en\/#website"},"datePublished":"2015-11-18T11:10:14+00:00","dateModified":"2015-11-19T14:19:38+00:00","breadcrumb":{"@id":"https:\/\/esg.pt\/seismic-v\/indicators\/#breadcrumb"},"inLanguage":"pt-PT","potentialAction":[{"@type":"ReadAction","target":["https:\/\/esg.pt\/seismic-v\/indicators\/"]}]},{"@type":"BreadcrumbList","@id":"https:\/\/esg.pt\/seismic-v\/indicators\/#breadcrumb","itemListElement":[{"@type":"ListItem","position":1,"name":"Home","item":"https:\/\/esg.pt\/seismic-v\/en\/"},{"@type":"ListItem","position":2,"name":"Indicators"}]}]}},"_links":{"self":[{"href":"https:\/\/esg.pt\/seismic-v\/wp-json\/wp\/v2\/pages\/419"}],"collection":[{"href":"https:\/\/esg.pt\/seismic-v\/wp-json\/wp\/v2\/pages"}],"about":[{"href":"https:\/\/esg.pt\/seismic-v\/wp-json\/wp\/v2\/types\/page"}],"author":[{"embeddable":true,"href":"https:\/\/esg.pt\/seismic-v\/wp-json\/wp\/v2\/users\/2"}],"replies":[{"embeddable":true,"href":"https:\/\/esg.pt\/seismic-v\/wp-json\/wp\/v2\/comments?post=419"}],"version-history":[{"count":4,"href":"https:\/\/esg.pt\/seismic-v\/wp-json\/wp\/v2\/pages\/419\/revisions"}],"predecessor-version":[{"id":482,"href":"https:\/\/esg.pt\/seismic-v\/wp-json\/wp\/v2\/pages\/419\/revisions\/482"}],"wp:attachment":[{"href":"https:\/\/esg.pt\/seismic-v\/wp-json\/wp\/v2\/media?parent=419"}],"curies":[{"name":"wp","href":"https:\/\/api.w.org\/{rel}","templated":true}]}}